{"id":19115,"date":"2023-08-15T22:08:35","date_gmt":"2023-08-15T20:08:35","guid":{"rendered":"http:\/\/www.mskosticka.cz\/veverky\/?page_id=19115"},"modified":"2023-08-15T22:09:13","modified_gmt":"2023-08-15T20:09:13","slug":"zacatek-skolniho-roku","status":"publish","type":"page","link":"https:\/\/mskosticka.cz\/veverky\/aktuality\/zacatek-skolniho-roku\/","title":{"rendered":"Za\u010d\u00e1tek \u0161koln\u00edho roku"},"content":{"rendered":"<p>V\u00e1\u017een\u00ed rodi\u010de,<\/p>\n<p>\u0161koln\u00ed rok v M\u0160 Kosti\u010dka a v M\u0160 U veverek za\u010d\u00edn\u00e1 v p\u00e1tek 1.9.2023.<\/p>\n<p>Pokud budete cht\u00edt p\u0159ij\u00edt a\u017e v pond\u011bl\u00ed 4.9., nen\u00ed to \u017e\u00e1dn\u00fd probl\u00e9m, pros\u00edm v\u0161ak, abyste to sd\u011blili na tel. 724 354 534 nebo na mail info@mskosticka.cz, abychom neobjednali va\u0161emu d\u00edt\u011bti stravu.<\/p>\n<p>Do \u0161kolky p\u0159ij\u010fte p\u0159ed 8 hodinou a sta\u010d\u00ed, kdy\u017e vezmete d\u00edt\u011bti pouze ba\u010dk\u016frky. Rozpis d\u011bt\u00ed, do kter\u00fdch t\u0159\u00edd budou chodit, najdete na sklen\u011bn\u00fdch dve\u0159\u00edch u vchodu do M\u0160.<\/p>\n<p>Dal\u0161\u00ed informace se dozv\u00edte ve \u0161kolce a pot\u00e9 t\u00e9\u017e na t\u0159\u00eddn\u00edch sch\u016fzk\u00e1ch .<\/p>\n<p>V M\u0160 Kosti\u010dka budou t\u0159\u00eddn\u00ed sch\u016fzky ve st\u0159edu 6.9. a v M\u0160 U Veverek \u00a0ve \u010dtvrtek 7.9. 2023, v\u017edy od 17 hodin v jednotliv\u00fdch t\u0159\u00edd\u00e1ch.<\/p>\n<p>T\u011b\u0161\u00edme se na v\u00e1s i va\u0161e d\u011bti \ud83d\ude42<\/p>\n<p>za cel\u00fd t\u00fdm M\u0160 Kosti\u010dka a M\u0160 U veverek Jana K\u0159i\u0161\u0165anov\u00e1<a href=\"http:\/\/www.mskosticka.cz\/veverky\/wp-content\/uploads\/sites\/3\/2023\/08\/zacatek_skolniho_roku.png\"><img loading=\"lazy\" decoding=\"async\" class=\"alignnone size-medium wp-image-19117\" src=\"http:\/\/www.mskosticka.cz\/veverky\/wp-content\/uploads\/sites\/3\/2023\/08\/zacatek_skolniho_roku-300x205.png\" alt=\"\" width=\"300\" height=\"205\" \/><\/a><\/p>\n","protected":false},"excerpt":{"rendered":"<p>V\u00e1\u017een\u00ed rodi\u010de, \u0161koln\u00ed rok v M\u0160 Kosti\u010dka a v M\u0160 U veverek za\u010d\u00edn\u00e1 v p\u00e1tek 1.9.2023. Pokud budete cht\u00edt p\u0159ij\u00edt &hellip;<\/p>\n","protected":false},"author":2,"featured_media":19117,"parent":8844,"menu_order":0,"comment_status":"closed","ping_status":"closed","template":"news.php","meta":{"footnotes":""},"class_list":["post-19115","page","type-page","status-publish","has-post-thumbnail","hentry"],"_links":{"self":[{"href":"https:\/\/mskosticka.cz\/veverky\/wp-json\/wp\/v2\/pages\/19115","targetHints":{"allow":["GET"]}}],"collection":[{"href":"https:\/\/mskosticka.cz\/veverky\/wp-json\/wp\/v2\/pages"}],"about":[{"href":"https:\/\/mskosticka.cz\/veverky\/wp-json\/wp\/v2\/types\/page"}],"author":[{"embeddable":true,"href":"https:\/\/mskosticka.cz\/veverky\/wp-json\/wp\/v2\/users\/2"}],"replies":[{"embeddable":true,"href":"https:\/\/mskosticka.cz\/veverky\/wp-json\/wp\/v2\/comments?post=19115"}],"version-history":[{"count":2,"href":"https:\/\/mskosticka.cz\/veverky\/wp-json\/wp\/v2\/pages\/19115\/revisions"}],"predecessor-version":[{"id":19118,"href":"https:\/\/mskosticka.cz\/veverky\/wp-json\/wp\/v2\/pages\/19115\/revisions\/19118"}],"up":[{"embeddable":true,"href":"https:\/\/mskosticka.cz\/veverky\/wp-json\/wp\/v2\/pages\/8844"}],"wp:featuredmedia":[{"embeddable":true,"href":"https:\/\/mskosticka.cz\/veverky\/wp-json\/wp\/v2\/media\/19117"}],"wp:attachment":[{"href":"https:\/\/mskosticka.cz\/veverky\/wp-json\/wp\/v2\/media?parent=19115"}],"curies":[{"name":"wp","href":"https:\/\/api.w.org\/{rel}","templated":true}]}}